{"id":29697,"date":"2024-05-23T10:01:45","date_gmt":"2024-05-23T10:01:45","guid":{"rendered":"https:\/\/www.smarthomes.es\/proyectos-de-casas-prefabricadas\/"},"modified":"2025-05-22T07:45:50","modified_gmt":"2025-05-22T07:45:50","slug":"projectes-de-cases-prefabricades","status":"publish","type":"page","link":"https:\/\/www.smarthomes.es\/ca\/projectes-de-cases-prefabricades\/","title":{"rendered":"Projectes"},"content":{"rendered":"\t\t<div data-elementor-type=\"wp-page\" data-elementor-id=\"29697\" class=\"elementor elementor-29697 elementor-6256\" data-elementor-post-type=\"page\">\n\t\t\t\t\t\t<section data-particle_enable=\"false\" data-particle-mobile-disabled=\"false\" class=\"elementor-section elementor-top-section elementor-element elementor-element-5d7c93b elementor-section-boxed elementor-section-height-default elementor-section-height-default\" data-id=\"5d7c93b\" data-element_type=\"section\" data-e-type=\"section\">\n\t\t\t\t\t\t<div class=\"elementor-container elementor-column-gap-default\">\n\t\t\t\t\t<div class=\"elementor-column elementor-col-100 elementor-top-column elementor-element elementor-element-a7c9ca2\" data-id=\"a7c9ca2\" data-element_type=\"column\" data-e-type=\"column\">\n\t\t\t<div class=\"elementor-widget-wrap elementor-element-populated\">\n\t\t\t\t\t\t<div class=\"elementor-element elementor-element-de4accb elementor-widget elementor-widget-heading\" data-id=\"de4accb\" data-element_type=\"widget\" data-e-type=\"widget\" data-widget_type=\"heading.default\">\n\t\t\t\t<div class=\"elementor-widget-container\">\n\t\t\t\t\t<h1 class=\"elementor-heading-title elementor-size-default\">Projectes<\/h1>\t\t\t\t<\/div>\n\t\t\t\t<\/div>\n\t\t\t\t<div class=\"elementor-element elementor-element-8f9565d elementor-widget elementor-widget-heading\" data-id=\"8f9565d\" data-element_type=\"widget\" data-e-type=\"widget\" data-widget_type=\"heading.default\">\n\t\t\t\t<div class=\"elementor-widget-container\">\n\t\t\t\t\t<h1 class=\"elementor-heading-title elementor-size-default\">Casas prefabricades?, o Llars amb Estil?<\/h1>\t\t\t\t<\/div>\n\t\t\t\t<\/div>\n\t\t\t\t<div class=\"elementor-element elementor-element-0cc0d5c elementor-widget elementor-widget-text-editor\" data-id=\"0cc0d5c\" data-element_type=\"widget\" data-e-type=\"widget\" data-widget_type=\"text-editor.default\">\n\t\t\t\t<div class=\"elementor-widget-container\">\n\t\t\t\t\t\t\t\t\t<p>No fabriquem cases modulars. Creem llars eficients i sostenibles, llars plenes d&#8217;estil, llars pr\u00f2pies i personalitzades. <\/p>\n<p>Multitud de projectes realitzats al llarg de tots aquests anys ens avalen.<\/p>\t\t\t\t\t\t\t\t<\/div>\n\t\t\t\t<\/div>\n\t\t\t\t\t<\/div>\n\t\t<\/div>\n\t\t\t\t\t<\/div>\n\t\t<\/section>\n\t\t\t\t<section data-particle_enable=\"false\" data-particle-mobile-disabled=\"false\" class=\"elementor-section elementor-top-section elementor-element elementor-element-89d9439 elementor-section-full_width elementor-section-height-default elementor-section-height-default\" data-id=\"89d9439\" data-element_type=\"section\" data-e-type=\"section\">\n\t\t\t\t\t\t<div class=\"elementor-container elementor-column-gap-default\">\n\t\t\t\t\t<div class=\"elementor-column elementor-col-100 elementor-top-column elementor-element elementor-element-6b2eec2\" data-id=\"6b2eec2\" data-element_type=\"column\" data-e-type=\"column\">\n\t\t\t<div class=\"elementor-widget-wrap elementor-element-populated\">\n\t\t\t\t\t\t<section data-particle_enable=\"false\" data-particle-mobile-disabled=\"false\" class=\"elementor-section elementor-inner-section elementor-element elementor-element-93fb716 elementor-section-full_width elementor-section-height-default elementor-section-height-default\" data-id=\"93fb716\" data-element_type=\"section\" data-e-type=\"section\">\n\t\t\t\t\t\t<div class=\"elementor-container elementor-column-gap-wider\">\n\t\t\t\t\t<div class=\"elementor-column elementor-col-33 elementor-inner-column elementor-element elementor-element-3e3633f\" data-id=\"3e3633f\" data-element_type=\"column\" data-e-type=\"column\">\n\t\t\t<div class=\"elementor-widget-wrap elementor-element-populated\">\n\t\t\t\t\t\t<div class=\"elementor-element elementor-element-6129bcf elementor-position-top elementor-widget elementor-widget-image-box\" data-id=\"6129bcf\" data-element_type=\"widget\" data-e-type=\"widget\" data-widget_type=\"image-box.default\">\n\t\t\t\t<div class=\"elementor-widget-container\">\n\t\t\t\t\t<div class=\"elementor-image-box-wrapper\"><figure class=\"elementor-image-box-img\"><a href=\"https:\/\/www.smarthomes.es\/ca\/casa-modular-a-lametlla-del-valles\/\" tabindex=\"-1\"><img fetchpriority=\"high\" decoding=\"async\" width=\"2560\" height=\"1707\" src=\"https:\/\/www.smarthomes.es\/wp-content\/uploads\/2024\/06\/Casa-Prefabricada-l_ametlla-del-Valles-1-scaled.jpg\" class=\"elementor-animation-grow attachment-full size-full wp-image-6436\" alt=\"\" srcset=\"https:\/\/www.smarthomes.es\/wp-content\/uploads\/2024\/06\/Casa-Prefabricada-l_ametlla-del-Valles-1-scaled.jpg 2560w, https:\/\/www.smarthomes.es\/wp-content\/uploads\/2024\/06\/Casa-Prefabricada-l_ametlla-del-Valles-1-scaled-600x400.jpg 600w, https:\/\/www.smarthomes.es\/wp-content\/uploads\/2024\/06\/Casa-Prefabricada-l_ametlla-del-Valles-1-640x427.jpg 640w, https:\/\/www.smarthomes.es\/wp-content\/uploads\/2024\/06\/Casa-Prefabricada-l_ametlla-del-Valles-1-1280x853.jpg 1280w, https:\/\/www.smarthomes.es\/wp-content\/uploads\/2024\/06\/Casa-Prefabricada-l_ametlla-del-Valles-1-768x512.jpg 768w, https:\/\/www.smarthomes.es\/wp-content\/uploads\/2024\/06\/Casa-Prefabricada-l_ametlla-del-Valles-1-1536x1024.jpg 1536w, https:\/\/www.smarthomes.es\/wp-content\/uploads\/2024\/06\/Casa-Prefabricada-l_ametlla-del-Valles-1-2048x1365.jpg 2048w, https:\/\/www.smarthomes.es\/wp-content\/uploads\/2024\/06\/Casa-Prefabricada-l_ametlla-del-Valles-1-320x213.jpg 320w\" sizes=\"(max-width: 2560px) 100vw, 2560px\" \/><\/a><\/figure><div class=\"elementor-image-box-content\"><h3 class=\"elementor-image-box-title\"><a href=\"https:\/\/www.smarthomes.es\/ca\/casa-modular-a-lametlla-del-valles\/\">Casa modular Ametlla del Vall\u00e8s<\/a><\/h3><p class=\"elementor-image-box-description\">Construcci\u00f3 de casa prefabricada a l'Ametlla del Vall\u00e8s. Un dels seus projectes m\u00e9s destacats, dissenyat per a una fam\u00edlia amb necessitats espec\u00edfiques i un estil de vida \u00fanic. Aquest habitatge, situat en un entorn natural privilegiat, ha estat concebut amb un enfocament personalitzat i meticul\u00f3s.<\/p><\/div><\/div>\t\t\t\t<\/div>\n\t\t\t\t<\/div>\n\t\t\t\t<div class=\"elementor-element elementor-element-c10a848 elementor-widget elementor-widget-button\" data-id=\"c10a848\" data-element_type=\"widget\" data-e-type=\"widget\" data-widget_type=\"button.default\">\n\t\t\t\t<div class=\"elementor-widget-container\">\n\t\t\t\t\t\t\t\t\t<div class=\"elementor-button-wrapper\">\n\t\t\t\t\t<a class=\"elementor-button elementor-button-link elementor-size-sm\" href=\"https:\/\/www.smarthomes.es\/ca\/casa-modular-a-lametlla-del-valles\/\">\n\t\t\t\t\t\t<span class=\"elementor-button-content-wrapper\">\n\t\t\t\t\t\t\t\t\t<span class=\"elementor-button-text\">Veure m\u00e9s<\/span>\n\t\t\t\t\t<\/span>\n\t\t\t\t\t<\/a>\n\t\t\t\t<\/div>\n\t\t\t\t\t\t\t\t<\/div>\n\t\t\t\t<\/div>\n\t\t\t\t\t<\/div>\n\t\t<\/div>\n\t\t\t\t<div class=\"elementor-column elementor-col-33 elementor-inner-column elementor-element elementor-element-48e0b44\" data-id=\"48e0b44\" data-element_type=\"column\" data-e-type=\"column\">\n\t\t\t<div class=\"elementor-widget-wrap elementor-element-populated\">\n\t\t\t\t\t\t<div class=\"elementor-element elementor-element-5228919 elementor-position-top elementor-widget elementor-widget-image-box\" data-id=\"5228919\" data-element_type=\"widget\" data-e-type=\"widget\" data-widget_type=\"image-box.default\">\n\t\t\t\t<div class=\"elementor-widget-container\">\n\t\t\t\t\t<div class=\"elementor-image-box-wrapper\"><figure class=\"elementor-image-box-img\"><a href=\"https:\/\/www.smarthomes.es\/ca\/vivienda-modular-llinars-del-valles-2\/\" tabindex=\"-1\"><img decoding=\"async\" width=\"2560\" height=\"1707\" src=\"https:\/\/www.smarthomes.es\/wp-content\/uploads\/2024\/06\/Casa-prefabricada-21-scaled.jpg\" class=\"elementor-animation-grow attachment-full size-full wp-image-6746\" alt=\"\" srcset=\"https:\/\/www.smarthomes.es\/wp-content\/uploads\/2024\/06\/Casa-prefabricada-21-scaled.jpg 2560w, https:\/\/www.smarthomes.es\/wp-content\/uploads\/2024\/06\/Casa-prefabricada-21-scaled-600x400.jpg 600w, https:\/\/www.smarthomes.es\/wp-content\/uploads\/2024\/06\/Casa-prefabricada-21-640x427.jpg 640w, https:\/\/www.smarthomes.es\/wp-content\/uploads\/2024\/06\/Casa-prefabricada-21-1280x853.jpg 1280w, https:\/\/www.smarthomes.es\/wp-content\/uploads\/2024\/06\/Casa-prefabricada-21-768x512.jpg 768w, https:\/\/www.smarthomes.es\/wp-content\/uploads\/2024\/06\/Casa-prefabricada-21-1536x1024.jpg 1536w, https:\/\/www.smarthomes.es\/wp-content\/uploads\/2024\/06\/Casa-prefabricada-21-2048x1365.jpg 2048w, https:\/\/www.smarthomes.es\/wp-content\/uploads\/2024\/06\/Casa-prefabricada-21-320x213.jpg 320w\" sizes=\"(max-width: 2560px) 100vw, 2560px\" \/><\/a><\/figure><div class=\"elementor-image-box-content\"><h3 class=\"elementor-image-box-title\"><a href=\"https:\/\/www.smarthomes.es\/ca\/vivienda-modular-llinars-del-valles-2\/\">Casa modular Llinars del Vall\u00e8s<\/a><\/h3><p class=\"elementor-image-box-description\">Construcci\u00f3 exclusiva d'habitatge situat a Llinars del Vall\u00e8s. Aquesta casa de 170 m\u00b2 distribu\u00efda en dues plantes destaca per la seva combinaci\u00f3 \u00fanica de disseny industrial i elements naturals, oferint un espai de vida sofisticat i acollidor.<\/p><\/div><\/div>\t\t\t\t<\/div>\n\t\t\t\t<\/div>\n\t\t\t\t<div class=\"elementor-element elementor-element-9fff1f3 elementor-widget elementor-widget-button\" data-id=\"9fff1f3\" data-element_type=\"widget\" data-e-type=\"widget\" data-widget_type=\"button.default\">\n\t\t\t\t<div class=\"elementor-widget-container\">\n\t\t\t\t\t\t\t\t\t<div class=\"elementor-button-wrapper\">\n\t\t\t\t\t<a class=\"elementor-button elementor-button-link elementor-size-sm\" href=\"https:\/\/www.smarthomes.es\/ca\/vivienda-modular-llinars-del-valles-2\/\">\n\t\t\t\t\t\t<span class=\"elementor-button-content-wrapper\">\n\t\t\t\t\t\t\t\t\t<span class=\"elementor-button-text\">Veure m\u00e9s<\/span>\n\t\t\t\t\t<\/span>\n\t\t\t\t\t<\/a>\n\t\t\t\t<\/div>\n\t\t\t\t\t\t\t\t<\/div>\n\t\t\t\t<\/div>\n\t\t\t\t\t<\/div>\n\t\t<\/div>\n\t\t\t\t<div class=\"elementor-column elementor-col-33 elementor-inner-column elementor-element elementor-element-6ee8817\" data-id=\"6ee8817\" data-element_type=\"column\" data-e-type=\"column\">\n\t\t\t<div class=\"elementor-widget-wrap elementor-element-populated\">\n\t\t\t\t\t\t<div class=\"elementor-element elementor-element-ac1dce9 elementor-position-top elementor-widget elementor-widget-image-box\" data-id=\"ac1dce9\" data-element_type=\"widget\" data-e-type=\"widget\" data-widget_type=\"image-box.default\">\n\t\t\t\t<div class=\"elementor-widget-container\">\n\t\t\t\t\t<div class=\"elementor-image-box-wrapper\"><figure class=\"elementor-image-box-img\"><a href=\"https:\/\/www.smarthomes.es\/ca\/casa-modular-llica-de-munt-2\/\" tabindex=\"-1\"><img decoding=\"async\" width=\"2560\" height=\"1707\" src=\"https:\/\/www.smarthomes.es\/wp-content\/uploads\/2024\/06\/Casa-Prefabricada-1-scaled.jpg\" class=\"elementor-animation-grow attachment-full size-full wp-image-6496\" alt=\"\" srcset=\"https:\/\/www.smarthomes.es\/wp-content\/uploads\/2024\/06\/Casa-Prefabricada-1-scaled.jpg 2560w, https:\/\/www.smarthomes.es\/wp-content\/uploads\/2024\/06\/Casa-Prefabricada-1-scaled-600x400.jpg 600w, https:\/\/www.smarthomes.es\/wp-content\/uploads\/2024\/06\/Casa-Prefabricada-1-640x427.jpg 640w, https:\/\/www.smarthomes.es\/wp-content\/uploads\/2024\/06\/Casa-Prefabricada-1-1280x853.jpg 1280w, https:\/\/www.smarthomes.es\/wp-content\/uploads\/2024\/06\/Casa-Prefabricada-1-768x512.jpg 768w, https:\/\/www.smarthomes.es\/wp-content\/uploads\/2024\/06\/Casa-Prefabricada-1-1536x1024.jpg 1536w, https:\/\/www.smarthomes.es\/wp-content\/uploads\/2024\/06\/Casa-Prefabricada-1-2048x1365.jpg 2048w, https:\/\/www.smarthomes.es\/wp-content\/uploads\/2024\/06\/Casa-Prefabricada-1-320x213.jpg 320w\" sizes=\"(max-width: 2560px) 100vw, 2560px\" \/><\/a><\/figure><div class=\"elementor-image-box-content\"><h3 class=\"elementor-image-box-title\"><a href=\"https:\/\/www.smarthomes.es\/ca\/casa-modular-llica-de-munt-2\/\">Casa modular Lli\u00e7\u00e0 de Munt<\/a><\/h3><p class=\"elementor-image-box-description\">Aquesta construcci\u00f3 d'una casa modular a Lli\u00e7\u00e0 de Vall \u00e9s un altre dels projectes d'avantguarda, dissenyat per a satisfer les necessitats espec\u00edfiques d'una fam\u00edlia moderna. Aquest habitatge d'una sola planta, exemplifica el nostre comprom\u00eds amb la personalitzaci\u00f3, la funcionalitat i el respecte pel medi ambient.<\/p><\/div><\/div>\t\t\t\t<\/div>\n\t\t\t\t<\/div>\n\t\t\t\t<div class=\"elementor-element elementor-element-b0985a6 elementor-widget elementor-widget-button\" data-id=\"b0985a6\" data-element_type=\"widget\" data-e-type=\"widget\" data-widget_type=\"button.default\">\n\t\t\t\t<div class=\"elementor-widget-container\">\n\t\t\t\t\t\t\t\t\t<div class=\"elementor-button-wrapper\">\n\t\t\t\t\t<a class=\"elementor-button elementor-button-link elementor-size-sm\" href=\"https:\/\/www.smarthomes.es\/ca\/casa-modular-llica-de-munt-2\/\">\n\t\t\t\t\t\t<span class=\"elementor-button-content-wrapper\">\n\t\t\t\t\t\t\t\t\t<span class=\"elementor-button-text\">Veure m\u00e9s<\/span>\n\t\t\t\t\t<\/span>\n\t\t\t\t\t<\/a>\n\t\t\t\t<\/div>\n\t\t\t\t\t\t\t\t<\/div>\n\t\t\t\t<\/div>\n\t\t\t\t\t<\/div>\n\t\t<\/div>\n\t\t\t\t\t<\/div>\n\t\t<\/section>\n\t\t\t\t<section data-particle_enable=\"false\" data-particle-mobile-disabled=\"false\" class=\"elementor-section elementor-inner-section elementor-element elementor-element-3948c79 elementor-section-full_width elementor-section-height-default elementor-section-height-default\" data-id=\"3948c79\" data-element_type=\"section\" data-e-type=\"section\">\n\t\t\t\t\t\t<div class=\"elementor-container elementor-column-gap-wider\">\n\t\t\t\t\t<div class=\"elementor-column elementor-col-33 elementor-inner-column elementor-element elementor-element-3a739f1\" data-id=\"3a739f1\" data-element_type=\"column\" data-e-type=\"column\">\n\t\t\t<div class=\"elementor-widget-wrap elementor-element-populated\">\n\t\t\t\t\t\t<div class=\"elementor-element elementor-element-d4bda33 elementor-position-top elementor-widget elementor-widget-image-box\" data-id=\"d4bda33\" data-element_type=\"widget\" data-e-type=\"widget\" data-widget_type=\"image-box.default\">\n\t\t\t\t<div class=\"elementor-widget-container\">\n\t\t\t\t\t<div class=\"elementor-image-box-wrapper\"><figure class=\"elementor-image-box-img\"><a href=\"https:\/\/www.smarthomes.es\/ca\/casa-modular-sils-2\/\" tabindex=\"-1\"><img loading=\"lazy\" decoding=\"async\" width=\"2560\" height=\"1707\" src=\"https:\/\/www.smarthomes.es\/wp-content\/uploads\/2024\/06\/Casa-Prefabricada-1-1-scaled.jpg\" class=\"elementor-animation-grow attachment-full size-full wp-image-6538\" alt=\"\" srcset=\"https:\/\/www.smarthomes.es\/wp-content\/uploads\/2024\/06\/Casa-Prefabricada-1-1-scaled.jpg 2560w, https:\/\/www.smarthomes.es\/wp-content\/uploads\/2024\/06\/Casa-Prefabricada-1-1-scaled-600x400.jpg 600w, https:\/\/www.smarthomes.es\/wp-content\/uploads\/2024\/06\/Casa-Prefabricada-1-1-640x427.jpg 640w, https:\/\/www.smarthomes.es\/wp-content\/uploads\/2024\/06\/Casa-Prefabricada-1-1-1280x853.jpg 1280w, https:\/\/www.smarthomes.es\/wp-content\/uploads\/2024\/06\/Casa-Prefabricada-1-1-768x512.jpg 768w, https:\/\/www.smarthomes.es\/wp-content\/uploads\/2024\/06\/Casa-Prefabricada-1-1-1536x1024.jpg 1536w, https:\/\/www.smarthomes.es\/wp-content\/uploads\/2024\/06\/Casa-Prefabricada-1-1-2048x1365.jpg 2048w, https:\/\/www.smarthomes.es\/wp-content\/uploads\/2024\/06\/Casa-Prefabricada-1-1-320x213.jpg 320w\" sizes=\"(max-width: 2560px) 100vw, 2560px\" \/><\/a><\/figure><div class=\"elementor-image-box-content\"><h3 class=\"elementor-image-box-title\"><a href=\"https:\/\/www.smarthomes.es\/ca\/casa-modular-sils-2\/\">Casa modular Sils<\/a><\/h3><p class=\"elementor-image-box-description\">Construcci\u00f3 de casa prefabricada a l'Ametlla del Vall\u00e8s. Un dels seus projectes m\u00e9s destacats, dissenyat per a una fam\u00edlia amb necessitats espec\u00edfiques i un estil de vida \u00fanic. Aquest habitatge, situat en un entorn natural privilegiat, ha estat concebut amb un enfocament personalitzat i meticul\u00f3s.<\/p><\/div><\/div>\t\t\t\t<\/div>\n\t\t\t\t<\/div>\n\t\t\t\t<div class=\"elementor-element elementor-element-089cbce elementor-widget elementor-widget-button\" data-id=\"089cbce\" data-element_type=\"widget\" data-e-type=\"widget\" data-widget_type=\"button.default\">\n\t\t\t\t<div class=\"elementor-widget-container\">\n\t\t\t\t\t\t\t\t\t<div class=\"elementor-button-wrapper\">\n\t\t\t\t\t<a class=\"elementor-button elementor-button-link elementor-size-sm\" href=\"https:\/\/www.smarthomes.es\/ca\/casa-modular-sils-2\/\">\n\t\t\t\t\t\t<span class=\"elementor-button-content-wrapper\">\n\t\t\t\t\t\t\t\t\t<span class=\"elementor-button-text\">Veure m\u00e9s<\/span>\n\t\t\t\t\t<\/span>\n\t\t\t\t\t<\/a>\n\t\t\t\t<\/div>\n\t\t\t\t\t\t\t\t<\/div>\n\t\t\t\t<\/div>\n\t\t\t\t\t<\/div>\n\t\t<\/div>\n\t\t\t\t<div class=\"elementor-column elementor-col-33 elementor-inner-column elementor-element elementor-element-909f005\" data-id=\"909f005\" data-element_type=\"column\" data-e-type=\"column\">\n\t\t\t<div class=\"elementor-widget-wrap elementor-element-populated\">\n\t\t\t\t\t\t<div class=\"elementor-element elementor-element-533e92a elementor-position-top elementor-widget elementor-widget-image-box\" data-id=\"533e92a\" data-element_type=\"widget\" data-e-type=\"widget\" data-widget_type=\"image-box.default\">\n\t\t\t\t<div class=\"elementor-widget-container\">\n\t\t\t\t\t<div class=\"elementor-image-box-wrapper\"><figure class=\"elementor-image-box-img\"><a href=\"https:\/\/www.smarthomes.es\/ca\/casa-modular-lestany-2\/\" tabindex=\"-1\"><img loading=\"lazy\" decoding=\"async\" width=\"1500\" height=\"1000\" src=\"https:\/\/www.smarthomes.es\/wp-content\/uploads\/2024\/06\/877A9684.jpg\" class=\"elementor-animation-grow attachment-full size-full wp-image-6641\" alt=\"\" srcset=\"https:\/\/www.smarthomes.es\/wp-content\/uploads\/2024\/06\/877A9684.jpg 1500w, https:\/\/www.smarthomes.es\/wp-content\/uploads\/2024\/06\/877A9684-600x400.jpg 600w, https:\/\/www.smarthomes.es\/wp-content\/uploads\/2024\/06\/877A9684-640x427.jpg 640w, https:\/\/www.smarthomes.es\/wp-content\/uploads\/2024\/06\/877A9684-1280x853.jpg 1280w, https:\/\/www.smarthomes.es\/wp-content\/uploads\/2024\/06\/877A9684-768x512.jpg 768w, https:\/\/www.smarthomes.es\/wp-content\/uploads\/2024\/06\/877A9684-320x213.jpg 320w\" sizes=\"(max-width: 1500px) 100vw, 1500px\" \/><\/a><\/figure><div class=\"elementor-image-box-content\"><h3 class=\"elementor-image-box-title\"><a href=\"https:\/\/www.smarthomes.es\/ca\/casa-modular-lestany-2\/\">Casa modular de L'Estany<\/a><\/h3><p class=\"elementor-image-box-description\">Smart Homes presenta amb orgull un nou projecte dissenyat en estreta col\u00b7laboraci\u00f3 amb el seu client. Situada a L'Estany, aquesta casa de 143 m\u00b2 \u00e9s l'escapada perfecta per a caps de setmana i vacances d'estiu, combinant comoditat i eleg\u00e0ncia en una \u00fanica planta.<\/p><\/div><\/div>\t\t\t\t<\/div>\n\t\t\t\t<\/div>\n\t\t\t\t<div class=\"elementor-element elementor-element-1787e58 elementor-widget elementor-widget-button\" data-id=\"1787e58\" data-element_type=\"widget\" data-e-type=\"widget\" data-widget_type=\"button.default\">\n\t\t\t\t<div class=\"elementor-widget-container\">\n\t\t\t\t\t\t\t\t\t<div class=\"elementor-button-wrapper\">\n\t\t\t\t\t<a class=\"elementor-button elementor-button-link elementor-size-sm\" href=\"https:\/\/www.smarthomes.es\/ca\/casa-modular-lestany-2\/\">\n\t\t\t\t\t\t<span class=\"elementor-button-content-wrapper\">\n\t\t\t\t\t\t\t\t\t<span class=\"elementor-button-text\">Veure m\u00e9s<\/span>\n\t\t\t\t\t<\/span>\n\t\t\t\t\t<\/a>\n\t\t\t\t<\/div>\n\t\t\t\t\t\t\t\t<\/div>\n\t\t\t\t<\/div>\n\t\t\t\t\t<\/div>\n\t\t<\/div>\n\t\t\t\t<div class=\"elementor-column elementor-col-33 elementor-inner-column elementor-element elementor-element-dca3e3e\" data-id=\"dca3e3e\" data-element_type=\"column\" data-e-type=\"column\">\n\t\t\t<div class=\"elementor-widget-wrap elementor-element-populated\">\n\t\t\t\t\t\t<div class=\"elementor-element elementor-element-f26e2e9 elementor-position-top elementor-widget elementor-widget-image-box\" data-id=\"f26e2e9\" data-element_type=\"widget\" data-e-type=\"widget\" data-widget_type=\"image-box.default\">\n\t\t\t\t<div class=\"elementor-widget-container\">\n\t\t\t\t\t<div class=\"elementor-image-box-wrapper\"><figure class=\"elementor-image-box-img\"><a href=\"https:\/\/www.smarthomes.es\/ca\/hogar-modular-ametlla-del-valles-2\/\" tabindex=\"-1\"><img loading=\"lazy\" decoding=\"async\" width=\"2560\" height=\"1707\" src=\"https:\/\/www.smarthomes.es\/wp-content\/uploads\/2024\/06\/Casa-prefabricada-1-3-scaled.jpg\" class=\"elementor-animation-grow attachment-full size-full wp-image-6661\" alt=\"\" srcset=\"https:\/\/www.smarthomes.es\/wp-content\/uploads\/2024\/06\/Casa-prefabricada-1-3-scaled.jpg 2560w, https:\/\/www.smarthomes.es\/wp-content\/uploads\/2024\/06\/Casa-prefabricada-1-3-scaled-600x400.jpg 600w, https:\/\/www.smarthomes.es\/wp-content\/uploads\/2024\/06\/Casa-prefabricada-1-3-640x427.jpg 640w, https:\/\/www.smarthomes.es\/wp-content\/uploads\/2024\/06\/Casa-prefabricada-1-3-1280x853.jpg 1280w, https:\/\/www.smarthomes.es\/wp-content\/uploads\/2024\/06\/Casa-prefabricada-1-3-768x512.jpg 768w, https:\/\/www.smarthomes.es\/wp-content\/uploads\/2024\/06\/Casa-prefabricada-1-3-1536x1024.jpg 1536w, https:\/\/www.smarthomes.es\/wp-content\/uploads\/2024\/06\/Casa-prefabricada-1-3-2048x1365.jpg 2048w, https:\/\/www.smarthomes.es\/wp-content\/uploads\/2024\/06\/Casa-prefabricada-1-3-320x213.jpg 320w\" sizes=\"(max-width: 2560px) 100vw, 2560px\" \/><\/a><\/figure><div class=\"elementor-image-box-content\"><h3 class=\"elementor-image-box-title\"><a href=\"https:\/\/www.smarthomes.es\/ca\/hogar-modular-ametlla-del-valles-2\/\">Habitatge modular Ametlla del Vall\u00e8s<\/a><\/h3><p class=\"elementor-image-box-description\">Smart Homes presenta un projecte d'habitatge elegant i funcional a L'Ametlla del Vall\u00e8s, dissenyat per a satisfer les necessitats espec\u00edfiques dels seus clients. Amb una superf\u00edcie de 145 m\u00b2, aquest habitatge destaca per la seva efici\u00e8ncia en l'\u00fas de l'espai i el seu disseny modern.<\/p><\/div><\/div>\t\t\t\t<\/div>\n\t\t\t\t<\/div>\n\t\t\t\t<div class=\"elementor-element elementor-element-139d2b7 elementor-widget elementor-widget-button\" data-id=\"139d2b7\" data-element_type=\"widget\" data-e-type=\"widget\" data-widget_type=\"button.default\">\n\t\t\t\t<div class=\"elementor-widget-container\">\n\t\t\t\t\t\t\t\t\t<div class=\"elementor-button-wrapper\">\n\t\t\t\t\t<a class=\"elementor-button elementor-button-link elementor-size-sm\" href=\"https:\/\/www.smarthomes.es\/ca\/hogar-modular-ametlla-del-valles-2\/\">\n\t\t\t\t\t\t<span class=\"elementor-button-content-wrapper\">\n\t\t\t\t\t\t\t\t\t<span class=\"elementor-button-text\">Veure m\u00e9s<\/span>\n\t\t\t\t\t<\/span>\n\t\t\t\t\t<\/a>\n\t\t\t\t<\/div>\n\t\t\t\t\t\t\t\t<\/div>\n\t\t\t\t<\/div>\n\t\t\t\t\t<\/div>\n\t\t<\/div>\n\t\t\t\t\t<\/div>\n\t\t<\/section>\n\t\t\t\t\t<\/div>\n\t\t<\/div>\n\t\t\t\t\t<\/div>\n\t\t<\/section>\n\t\t\t\t<section data-particle_enable=\"false\" data-particle-mobile-disabled=\"false\" class=\"elementor-section elementor-top-section elementor-element elementor-element-b874848 elementor-section-full_width elementor-section-height-default elementor-section-height-default\" data-id=\"b874848\" data-element_type=\"section\" data-e-type=\"section\" data-settings=\"{&quot;background_background&quot;:&quot;classic&quot;,&quot;background_motion_fx_motion_fx_scrolling&quot;:&quot;yes&quot;,&quot;background_motion_fx_translateY_effect&quot;:&quot;yes&quot;,&quot;background_motion_fx_translateY_speed&quot;:{&quot;unit&quot;:&quot;px&quot;,&quot;size&quot;:10,&quot;sizes&quot;:[]},&quot;background_motion_fx_translateY_affectedRange&quot;:{&quot;unit&quot;:&quot;%&quot;,&quot;size&quot;:&quot;&quot;,&quot;sizes&quot;:{&quot;start&quot;:0,&quot;end&quot;:100}},&quot;background_motion_fx_devices&quot;:[&quot;desktop&quot;,&quot;tablet&quot;,&quot;mobile&quot;]}\">\n\t\t\t\t\t\t\t<div class=\"elementor-background-overlay\"><\/div>\n\t\t\t\t\t\t\t<div class=\"elementor-container elementor-column-gap-default\">\n\t\t\t\t\t<div class=\"elementor-column elementor-col-100 elementor-top-column elementor-element elementor-element-a840039\" data-id=\"a840039\" data-element_type=\"column\" data-e-type=\"column\">\n\t\t\t<div class=\"elementor-widget-wrap elementor-element-populated\">\n\t\t\t\t\t\t<section data-particle_enable=\"false\" data-particle-mobile-disabled=\"false\" class=\"elementor-section elementor-inner-section elementor-element elementor-element-32df844 elementor-section-boxed elementor-section-height-default elementor-section-height-default\" data-id=\"32df844\" data-element_type=\"section\" data-e-type=\"section\">\n\t\t\t\t\t\t<div class=\"elementor-container elementor-column-gap-default\">\n\t\t\t\t\t<div class=\"elementor-column elementor-col-100 elementor-inner-column elementor-element elementor-element-e807fee\" data-id=\"e807fee\" data-element_type=\"column\" data-e-type=\"column\">\n\t\t\t<div class=\"elementor-widget-wrap elementor-element-populated\">\n\t\t\t\t\t\t<div class=\"elementor-element elementor-element-9a2eea8 elementor-widget__width-initial elementor-widget elementor-widget-heading\" data-id=\"9a2eea8\" data-element_type=\"widget\" data-e-type=\"widget\" data-widget_type=\"heading.default\">\n\t\t\t\t<div class=\"elementor-widget-container\">\n\t\t\t\t\t<h2 class=\"elementor-heading-title elementor-size-default\">Ens expliques com vols la teva nova llar?<\/h2>\t\t\t\t<\/div>\n\t\t\t\t<\/div>\n\t\t\t\t<div class=\"elementor-element elementor-element-1fd1115 elementor-align-center elementor-widget elementor-widget-button\" data-id=\"1fd1115\" data-element_type=\"widget\" data-e-type=\"widget\" data-widget_type=\"button.default\">\n\t\t\t\t<div class=\"elementor-widget-container\">\n\t\t\t\t\t\t\t\t\t<div class=\"elementor-button-wrapper\">\n\t\t\t\t\t<a class=\"elementor-button elementor-button-link elementor-size-sm\" href=\"https:\/\/www.smarthomes.es\/ca\/contacte\/\">\n\t\t\t\t\t\t<span class=\"elementor-button-content-wrapper\">\n\t\t\t\t\t\t\t\t\t<span class=\"elementor-button-text\">Contactar<\/span>\n\t\t\t\t\t<\/span>\n\t\t\t\t\t<\/a>\n\t\t\t\t<\/div>\n\t\t\t\t\t\t\t\t<\/div>\n\t\t\t\t<\/div>\n\t\t\t\t\t<\/div>\n\t\t<\/div>\n\t\t\t\t\t<\/div>\n\t\t<\/section>\n\t\t\t\t\t<\/div>\n\t\t<\/div>\n\t\t\t\t\t<\/div>\n\t\t<\/section>\n\t\t\t\t<\/div>\n\t\t","protected":false},"excerpt":{"rendered":"<p>Projectes Casas prefabricades?, o Llars amb Estil? No fabriquem cases modulars. Creem llars eficients i sostenibles, llars plenes d&#8217;estil, llars pr\u00f2pies i personalitzades. Multitud de projectes realitzats al llarg de tots aquests anys ens avalen. Casa modular Ametlla del Vall\u00e8s Construcci\u00f3 de casa prefabricada a l&#8217;Ametlla del Vall\u00e8s. Un dels seus projectes m\u00e9s destacats, dissenyat&#8230;<\/p>\n","protected":false},"author":1,"featured_media":0,"parent":0,"menu_order":0,"comment_status":"closed","ping_status":"closed","template":"elementor_header_footer","meta":{"ngg_post_thumbnail":0,"footnotes":""},"class_list":["post-29697","page","type-page","status-publish","hentry"],"yoast_head":"<!-- This site is optimized with the Yoast SEO plugin v27.0 - https:\/\/yoast.com\/product\/yoast-seo-wordpress\/ -->\n<title>Projectes - Smart Homes<\/title>\n<meta name=\"description\" content=\"Detall de projectes de cases prefabricades totalment personalitzades i adaptades a les necessitats del client amb tota mena de luxe.\" \/>\n<meta name=\"robots\" content=\"index, follow, max-snippet:-1, max-image-preview:large, max-video-preview:-1\" \/>\n<link rel=\"canonical\" href=\"https:\/\/www.smarthomes.es\/ca\/projectes-de-cases-prefabricades\/\" \/>\n<meta property=\"og:locale\" content=\"ca_ES\" \/>\n<meta property=\"og:type\" content=\"article\" \/>\n<meta property=\"og:title\" content=\"Projectes - Smart Homes\" \/>\n<meta property=\"og:description\" content=\"Detall de projectes de cases prefabricades totalment personalitzades i adaptades a les necessitats del client amb tota mena de luxe.\" \/>\n<meta property=\"og:url\" content=\"https:\/\/www.smarthomes.es\/ca\/projectes-de-cases-prefabricades\/\" \/>\n<meta property=\"og:site_name\" content=\"Smart Homes\" \/>\n<meta property=\"article:modified_time\" content=\"2025-05-22T07:45:50+00:00\" \/>\n<meta property=\"og:image\" content=\"https:\/\/www.smarthomes.es\/wp-content\/uploads\/2024\/06\/Casa-Prefabricada-l_ametlla-del-Valles-1-scaled.jpg\" \/>\n\t<meta property=\"og:image:width\" content=\"2560\" \/>\n\t<meta property=\"og:image:height\" content=\"1707\" \/>\n\t<meta property=\"og:image:type\" content=\"image\/jpeg\" \/>\n<meta name=\"twitter:card\" content=\"summary_large_image\" \/>\n<meta name=\"twitter:label1\" content=\"Temps estimat de lectura\" \/>\n\t<meta name=\"twitter:data1\" content=\"4 minuts\" \/>\n<script type=\"application\/ld+json\" class=\"yoast-schema-graph\">{\"@context\":\"https:\/\/schema.org\",\"@graph\":[{\"@type\":\"WebPage\",\"@id\":\"https:\/\/www.smarthomes.es\/ca\/projectes-de-cases-prefabricades\/\",\"url\":\"https:\/\/www.smarthomes.es\/ca\/projectes-de-cases-prefabricades\/\",\"name\":\"Projectes - Smart Homes\",\"isPartOf\":{\"@id\":\"https:\/\/www.smarthomes.es\/#website\"},\"primaryImageOfPage\":{\"@id\":\"https:\/\/www.smarthomes.es\/ca\/projectes-de-cases-prefabricades\/#primaryimage\"},\"image\":{\"@id\":\"https:\/\/www.smarthomes.es\/ca\/projectes-de-cases-prefabricades\/#primaryimage\"},\"thumbnailUrl\":\"https:\/\/www.smarthomes.es\/wp-content\/uploads\/2024\/06\/Casa-Prefabricada-l_ametlla-del-Valles-1-scaled.jpg\",\"datePublished\":\"2024-05-23T10:01:45+00:00\",\"dateModified\":\"2025-05-22T07:45:50+00:00\",\"description\":\"Detall de projectes de cases prefabricades totalment personalitzades i adaptades a les necessitats del client amb tota mena de luxe.\",\"breadcrumb\":{\"@id\":\"https:\/\/www.smarthomes.es\/ca\/projectes-de-cases-prefabricades\/#breadcrumb\"},\"inLanguage\":\"ca\",\"potentialAction\":[{\"@type\":\"ReadAction\",\"target\":[\"https:\/\/www.smarthomes.es\/ca\/projectes-de-cases-prefabricades\/\"]}]},{\"@type\":\"ImageObject\",\"inLanguage\":\"ca\",\"@id\":\"https:\/\/www.smarthomes.es\/ca\/projectes-de-cases-prefabricades\/#primaryimage\",\"url\":\"https:\/\/www.smarthomes.es\/wp-content\/uploads\/2024\/06\/Casa-Prefabricada-l_ametlla-del-Valles-1-scaled.jpg\",\"contentUrl\":\"https:\/\/www.smarthomes.es\/wp-content\/uploads\/2024\/06\/Casa-Prefabricada-l_ametlla-del-Valles-1-scaled.jpg\"},{\"@type\":\"BreadcrumbList\",\"@id\":\"https:\/\/www.smarthomes.es\/ca\/projectes-de-cases-prefabricades\/#breadcrumb\",\"itemListElement\":[{\"@type\":\"ListItem\",\"position\":1,\"name\":\"Portada\",\"item\":\"https:\/\/www.smarthomes.es\/ca\/\"},{\"@type\":\"ListItem\",\"position\":2,\"name\":\"Projectes\"}]},{\"@type\":\"WebSite\",\"@id\":\"https:\/\/www.smarthomes.es\/#website\",\"url\":\"https:\/\/www.smarthomes.es\/\",\"name\":\"Smart Homes\",\"description\":\"Casas prefabricadas\",\"publisher\":{\"@id\":\"https:\/\/www.smarthomes.es\/#organization\"},\"potentialAction\":[{\"@type\":\"SearchAction\",\"target\":{\"@type\":\"EntryPoint\",\"urlTemplate\":\"https:\/\/www.smarthomes.es\/?s={search_term_string}\"},\"query-input\":{\"@type\":\"PropertyValueSpecification\",\"valueRequired\":true,\"valueName\":\"search_term_string\"}}],\"inLanguage\":\"ca\"},{\"@type\":\"Organization\",\"@id\":\"https:\/\/www.smarthomes.es\/#organization\",\"name\":\"Smart Homes\",\"url\":\"https:\/\/www.smarthomes.es\/\",\"logo\":{\"@type\":\"ImageObject\",\"inLanguage\":\"ca\",\"@id\":\"https:\/\/www.smarthomes.es\/#\/schema\/logo\/image\/\",\"url\":\"https:\/\/www.smarthomes.es\/wp-content\/uploads\/2024\/04\/Casas-prefabricadas-Smart-Homes.png\",\"contentUrl\":\"https:\/\/www.smarthomes.es\/wp-content\/uploads\/2024\/04\/Casas-prefabricadas-Smart-Homes.png\",\"width\":600,\"height\":600,\"caption\":\"Smart Homes\"},\"image\":{\"@id\":\"https:\/\/www.smarthomes.es\/#\/schema\/logo\/image\/\"}}]}<\/script>\n<!-- \/ Yoast SEO plugin. -->","yoast_head_json":{"title":"Projectes - Smart Homes","description":"Detall de projectes de cases prefabricades totalment personalitzades i adaptades a les necessitats del client amb tota mena de luxe.","robots":{"index":"index","follow":"follow","max-snippet":"max-snippet:-1","max-image-preview":"max-image-preview:large","max-video-preview":"max-video-preview:-1"},"canonical":"https:\/\/www.smarthomes.es\/ca\/projectes-de-cases-prefabricades\/","og_locale":"ca_ES","og_type":"article","og_title":"Projectes - Smart Homes","og_description":"Detall de projectes de cases prefabricades totalment personalitzades i adaptades a les necessitats del client amb tota mena de luxe.","og_url":"https:\/\/www.smarthomes.es\/ca\/projectes-de-cases-prefabricades\/","og_site_name":"Smart Homes","article_modified_time":"2025-05-22T07:45:50+00:00","og_image":[{"width":2560,"height":1707,"url":"https:\/\/www.smarthomes.es\/wp-content\/uploads\/2024\/06\/Casa-Prefabricada-l_ametlla-del-Valles-1-scaled.jpg","type":"image\/jpeg"}],"twitter_card":"summary_large_image","twitter_misc":{"Temps estimat de lectura":"4 minuts"},"schema":{"@context":"https:\/\/schema.org","@graph":[{"@type":"WebPage","@id":"https:\/\/www.smarthomes.es\/ca\/projectes-de-cases-prefabricades\/","url":"https:\/\/www.smarthomes.es\/ca\/projectes-de-cases-prefabricades\/","name":"Projectes - Smart Homes","isPartOf":{"@id":"https:\/\/www.smarthomes.es\/#website"},"primaryImageOfPage":{"@id":"https:\/\/www.smarthomes.es\/ca\/projectes-de-cases-prefabricades\/#primaryimage"},"image":{"@id":"https:\/\/www.smarthomes.es\/ca\/projectes-de-cases-prefabricades\/#primaryimage"},"thumbnailUrl":"https:\/\/www.smarthomes.es\/wp-content\/uploads\/2024\/06\/Casa-Prefabricada-l_ametlla-del-Valles-1-scaled.jpg","datePublished":"2024-05-23T10:01:45+00:00","dateModified":"2025-05-22T07:45:50+00:00","description":"Detall de projectes de cases prefabricades totalment personalitzades i adaptades a les necessitats del client amb tota mena de luxe.","breadcrumb":{"@id":"https:\/\/www.smarthomes.es\/ca\/projectes-de-cases-prefabricades\/#breadcrumb"},"inLanguage":"ca","potentialAction":[{"@type":"ReadAction","target":["https:\/\/www.smarthomes.es\/ca\/projectes-de-cases-prefabricades\/"]}]},{"@type":"ImageObject","inLanguage":"ca","@id":"https:\/\/www.smarthomes.es\/ca\/projectes-de-cases-prefabricades\/#primaryimage","url":"https:\/\/www.smarthomes.es\/wp-content\/uploads\/2024\/06\/Casa-Prefabricada-l_ametlla-del-Valles-1-scaled.jpg","contentUrl":"https:\/\/www.smarthomes.es\/wp-content\/uploads\/2024\/06\/Casa-Prefabricada-l_ametlla-del-Valles-1-scaled.jpg"},{"@type":"BreadcrumbList","@id":"https:\/\/www.smarthomes.es\/ca\/projectes-de-cases-prefabricades\/#breadcrumb","itemListElement":[{"@type":"ListItem","position":1,"name":"Portada","item":"https:\/\/www.smarthomes.es\/ca\/"},{"@type":"ListItem","position":2,"name":"Projectes"}]},{"@type":"WebSite","@id":"https:\/\/www.smarthomes.es\/#website","url":"https:\/\/www.smarthomes.es\/","name":"Smart Homes","description":"Casas prefabricadas","publisher":{"@id":"https:\/\/www.smarthomes.es\/#organization"},"potentialAction":[{"@type":"SearchAction","target":{"@type":"EntryPoint","urlTemplate":"https:\/\/www.smarthomes.es\/?s={search_term_string}"},"query-input":{"@type":"PropertyValueSpecification","valueRequired":true,"valueName":"search_term_string"}}],"inLanguage":"ca"},{"@type":"Organization","@id":"https:\/\/www.smarthomes.es\/#organization","name":"Smart Homes","url":"https:\/\/www.smarthomes.es\/","logo":{"@type":"ImageObject","inLanguage":"ca","@id":"https:\/\/www.smarthomes.es\/#\/schema\/logo\/image\/","url":"https:\/\/www.smarthomes.es\/wp-content\/uploads\/2024\/04\/Casas-prefabricadas-Smart-Homes.png","contentUrl":"https:\/\/www.smarthomes.es\/wp-content\/uploads\/2024\/04\/Casas-prefabricadas-Smart-Homes.png","width":600,"height":600,"caption":"Smart Homes"},"image":{"@id":"https:\/\/www.smarthomes.es\/#\/schema\/logo\/image\/"}}]}},"_links":{"self":[{"href":"https:\/\/www.smarthomes.es\/ca\/wp-json\/wp\/v2\/pages\/29697","targetHints":{"allow":["GET"]}}],"collection":[{"href":"https:\/\/www.smarthomes.es\/ca\/wp-json\/wp\/v2\/pages"}],"about":[{"href":"https:\/\/www.smarthomes.es\/ca\/wp-json\/wp\/v2\/types\/page"}],"author":[{"embeddable":true,"href":"https:\/\/www.smarthomes.es\/ca\/wp-json\/wp\/v2\/users\/1"}],"replies":[{"embeddable":true,"href":"https:\/\/www.smarthomes.es\/ca\/wp-json\/wp\/v2\/comments?post=29697"}],"version-history":[{"count":0,"href":"https:\/\/www.smarthomes.es\/ca\/wp-json\/wp\/v2\/pages\/29697\/revisions"}],"wp:attachment":[{"href":"https:\/\/www.smarthomes.es\/ca\/wp-json\/wp\/v2\/media?parent=29697"}],"curies":[{"name":"wp","href":"https:\/\/api.w.org\/{rel}","templated":true}]}}